{"id":5625,"date":"2021-05-18T16:43:46","date_gmt":"2021-05-18T14:43:46","guid":{"rendered":"https:\/\/fergra.it\/\/granulati\/rosso-verona\/"},"modified":"2025-04-01T17:03:11","modified_gmt":"2025-04-01T15:03:11","slug":"rosso-verona","status":"publish","type":"granulati","link":"https:\/\/fergra.it\/fr\/granulati\/rosso-verona\/","title":{"rendered":"Rosso Verona"},"content":{"rendered":"<p><span style=\"font-weight: 400;\">Le Rosso Verona ou Rosso Ammonitico Veronese,<strong>le marbre le plus c\u00e9l\u00e8bre de la province de V\u00e9rone, est consid\u00e9r\u00e9 comme le marbre rouge par excellence.<\/strong> <strong>Il est connu dans le monde entier pour sa couleur caract\u00e9ristique dont les nuances vont du rouge brique clair au rouge ros\u00e9.<\/strong> La strate interm\u00e9diaire des carri\u00e8res situ\u00e9es dans les collines de V\u00e9rone, dont la configuration est due aux diff\u00e9rentes \u00e8res g\u00e9ologiques, permet d&rsquo;extraire le Rosso Verona et le Bianco Verona.<\/span><\/p>\n<p> &nbsp;<\/p>\n","protected":false},"excerpt":{"rendered":"<p>Le Rosso Verona ou Rosso Ammonitico Veronese,le marbre le plus c\u00e9l\u00e8bre de la province de V\u00e9rone, est consid\u00e9r\u00e9 comme le marbre rouge par excellence. Il est connu dans le monde entier pour sa couleur caract\u00e9ristique dont les nuances vont du rouge brique clair au rouge ros\u00e9. La strate interm\u00e9diaire des carri\u00e8res situ\u00e9es dans les collines &hellip; <a href=\"https:\/\/fergra.it\/fr\/granulati\/rosso-verona\/\">Continued<\/a><\/p>\n","protected":false},"featured_media":5031,"template":"","meta":[],"class_list":["post-5625","granulati","type-granulati","status-publish","has-post-thumbnail","hentry"],"_links":{"self":[{"href":"https:\/\/fergra.it\/fr\/wp-json\/wp\/v2\/granulati\/5625","targetHints":{"allow":["GET"]}}],"collection":[{"href":"https:\/\/fergra.it\/fr\/wp-json\/wp\/v2\/granulati"}],"about":[{"href":"https:\/\/fergra.it\/fr\/wp-json\/wp\/v2\/types\/granulati"}],"wp:featuredmedia":[{"embeddable":true,"href":"https:\/\/fergra.it\/fr\/wp-json\/wp\/v2\/media\/5031"}],"wp:attachment":[{"href":"https:\/\/fergra.it\/fr\/wp-json\/wp\/v2\/media?parent=5625"}],"curies":[{"name":"wp","href":"https:\/\/api.w.org\/{rel}","templated":true}]}}